{"id":1242,"date":"2021-08-20T12:58:41","date_gmt":"2021-08-20T12:58:41","guid":{"rendered":"https:\/\/socialsculpturelab.com\/die-enquiry-labs\/austausch\/vorschlaegewoche-was-muss-zusaetzlich-zur-baumpflanzung-getan-werden\/"},"modified":"2021-09-07T19:53:59","modified_gmt":"2021-09-07T19:53:59","slug":"vorschlaegewoche-was-muss-zusaetzlich-zur-baumpflanzung-getan-werden","status":"publish","type":"page","link":"https:\/\/socialsculpturelab.com\/de\/die-enquiry-labs\/austausch\/vorschlaegewoche-was-muss-zusaetzlich-zur-baumpflanzung-getan-werden\/","title":{"rendered":"VORSCHL\u00c4GEWOCHE: Was muss zus\u00e4tzlich zur Baumpflanzung getan werden?"},"content":{"rendered":"<h2><strong>VORSCHL\u00c4GE WOCHE\u00a0 22. &#8211; 24. September, in Kassel<br \/>\n21. September online.<\/strong><\/h2>\n<h3>Was ist neben dem Pflanzen von B\u00e4umen zu tun?<\/h3>\n<p>Dies &#8218;<strong>Was getan werden muss?&#8216; Vorschl\u00e4ge Woche<\/strong> im September 2021 ist eine Gelegenheit, Pl\u00e4ne und Ideen f\u00fcr Initiativen im Bereich der Soziale Plastik , der Verbindende Praxis und des damit verbundenen transformativen Denkens und der Praxis auszutauschen, die von der Verbindung mit einer breiteren Gemeinschaft der Soziale Plastik und der Verbindende Praxis profitieren k\u00f6nnten, vielleicht sogar als Kooperationen in das globale Social Sculpture Lab. [Der Globus<em> Social Sculpture Lab f\u00fcr neues Wissen und eine \u00f6kosoziale Zukunft<\/em> ist ein eingetragener Verein, der nicht auf Gewinn ausgerichtet ist]<\/p>\n<p>Es wurde eingerichtet, um die Arbeit im Bereich der Soziale Plastik und der Verbindende Praxis \u00fcber das Beuys-Jubil\u00e4um hinaus zu entwickeln und zu erm\u00f6glichen. Das<em> Kassel-21 \/ Social Sculpture Lab<\/em> ist eines der ersten Projekte des globalen Social Sculpture Lab e.V.<\/p>\n<p>Der Austausch \u00fcber &#8218;Proposals&#8216; findet im Survival Room in Kassel und online, \u00fcber 4 Tage ab . statt<strong> in KASSEL: Mittwoch 22. \u2013 Freitag 24. September 2021. 12.00 -17.00 Uhr.<br \/>\n<\/strong><\/p>\n<p><strong>Email<\/strong> info@socialsculpturelab.com<\/p>\n<p><strong><br \/>\nONLINE<\/strong><\/p>\n<p><strong>Dienstag 21. September 12.00 -14.30<br \/>\n<\/strong><em>Melden Sie sich \u00fcber <a href=\"https:\/\/www.eventbrite.de\/e\/proposals-social-sculpture-and-connective-practice-tickets-170037230935\">Eventbrite <\/a><\/em><strong><br \/>\n<\/strong><\/p>\n<p><strong>und <\/strong><\/p>\n<p><strong>Dienstag 21. September 15.00 -17.30 Uhr.<br \/>\n<\/strong><em>Melden Sie sich \u00fcber <a href=\"https:\/\/www.eventbrite.de\/e\/proposals-social-sculpture-and-connective-practice-tickets-170044454541\">Eventbrite<\/a><\/em><strong><em><br \/>\n<\/em><\/strong><\/p>\n<p><em>Schreiben Sie an: info@socialsculpturelab.com\u00a0<\/em><strong><br \/>\n<\/strong><\/p>\n<p>Was f\u00fcr Vorschl\u00e4ge? Es gibt keine Erwartungen oder Anforderungen an das, was Sie getan haben oder aus welchem Arbeitsbereich Sie kommen. Hier geht es nicht um Ihren Lebenslauf.<\/p>\n<p><strong>Es geht darum, Raum zu schaffen und sinnvolle \u201eVorschl\u00e4ge f\u00fcr die Zukunft\u201c aufzudecken,<\/strong> gro\u00df und klein, inspiriert von Beuys&#8216; Social Sculpture-Ideen, dem Connective Practice-Ansatz und\/oder anderen Ans\u00e4tzen.<\/p>\n<p>Es geht um Projekte und Wege, die sich mit Bewusstseins-, Kooperations- und F\u00fcrsorgeformen befassen, die dazu beitragen k\u00f6nnen, eine antirassistische, antifaschistische und lebendige Zukunft zu gestalten: eine Zukunft, die den Menschen und die Vernetzung aller Lebensformen, einschlie\u00dflich unseres Lebens, wertsch\u00e4tzt Planeten zu erhalten.<\/p>\n<p><strong>Besonders willkommen sind Vorschl\u00e4ge, die einige der zentralen Anliegen des Kassel21 Lab ansprechen \u2013<\/strong><br \/>\n&#8211; Was bedeutet \u201e\u00dcberleben\u201c auf welcher Ebene und zu welchen Kosten f\u00fcr wen?<br \/>\n&#8211; \u00fcber die Notwendigkeit, den Unterschied zwischen Lebensformen und algorithmisch gesteuerten Maschinen deutlicher zu machen<br \/>\n&#8211; \u00fcber M\u00f6glichkeiten, uns in einer Welt mit vielen Weltanschauungen zu helfen, Entscheidungen zu treffen.<\/p>\n<p>Es w\u00e4re sch\u00f6n, wenn Sie vor der Proposals-Woche eine oder mehrere Live- oder Online-Veranstaltungen des Kassel-21 \/ Social Sculpture Lab besucht oder daran teilgenommen haben.<\/p>\n<p><strong>Teilnahme an \u201eVorschl\u00e4ge f\u00fcr die Zukunft\u201c<\/strong><\/p>\n<ol>\n<li>Der erste Schritt besteht darin, eine E-Mail an . zu senden<a href=\"mailto:info@socialsculpturelab.com\"> info@socialsculpturelab.com<\/a><\/li>\n<li>Stellen &#8218;<strong> VORSCHL\u00c4GE \u2013 Jenseits von Kassel-21&#8242;<\/strong> in der Betreffzeile.<\/li>\n<li><strong>In der E-Mail bitte angeben<\/strong><br \/>\nA. Eine grobe Beschreibung Ihres Vorschlags \u2013 nicht mehr als 300 W\u00f6rter.<br \/>\nB. Bitte kl\u00e4ren Sie, ob Sie daran interessiert sind, einen bestehenden Vorschlag f\u00fcr eine zuk\u00fcnftige Initiative zu teilen und\/oder M\u00f6glichkeiten zur Entwicklung eines neuen Vorschlags mit uns oder anderen auf diesem Gebiet zu erkunden.<br \/>\nC. Sagen Sie uns, ob Sie den Vorschlag online oder im Survival Room in Kassel teilen m\u00f6chten<br \/>\nD. Wo Sie sich auf der Welt befinden, was Sie gerade tun und ob dieser Vorschlag mit einer oder mehreren Gruppen, Netzwerken oder Organisationen verbunden ist.<br \/>\n<strong><br \/>\n<\/strong><\/li>\n<\/ol>\n<p>Handelt es sich bei Ihrem Vorschlag um eine Weiterentwicklung einer bestehenden Initiative, w\u00e4re es hilfreich, wenn Sie diese Forschung, dieses Projekt oder eine andere Initiative bereits in der Projekt- und Forschungswoche vom 19. bis 22. August geteilt haben.<\/p>\n<p><strong>Bitte<em> nicht<\/em><\/strong> geschriebene Kapitel oder Bilder von Kunstwerken hinzuf\u00fcgen. Dies ist keine Einladung, Kapitel und\/oder Bilder von Zeichnungen, Skulpturen und anderen Beispielen traditioneller Kunstformen zu teilen.<\/p>\n<p><strong><br \/>\nWas passiert mit den Vorschl\u00e4gen?<\/strong><br \/>\nWir werden auf sie zur\u00fcck kommen. Alle Vorschl\u00e4ge, die sich auf den Bereich der sozialen Skulptur und Verbindende Praxis beziehen, sowie die oben skizzierten Anliegen werden akzeptiert, sofern sie klar genug sind und ins Englische oder Deutsche \u00fcbersetzt wurden. Wenn es zu viele Vorschl\u00e4ge gibt, m\u00fcssen wir m\u00f6glicherweise eine Auswahl f\u00fcr diese Woche im September treffen.<\/p>\n<p><strong>Vertraulichkeit.<br \/>\n<\/strong> Wir werden Ihren Vorschlag nicht an andere Personen au\u00dferhalb des Teams Kassel-21 \/ Social Sculpture Lab weitergeben, es sei denn, Sie stimmen dem zu. Beim Proposals Forum im September \u2013 online und im Survival Room in Kassel \u2013 werden sie geteilt und diskutiert.<\/p>\n","protected":false},"excerpt":{"rendered":"<p>VORSCHL\u00c4GE WOCHE\u00a0 22. &#8211; 24. September, in Kassel 21. September online. Was ist neben dem Pflanzen von B\u00e4umen zu tun?<\/p>\n","protected":false},"author":1,"featured_media":0,"parent":1235,"menu_order":0,"comment_status":"closed","ping_status":"closed","template":"","meta":[],"yoast_head":"<!-- This site is optimized with the Yoast SEO plugin v16.7 - https:\/\/yoast.com\/wordpress\/plugins\/seo\/ -->\n<meta name=\"robots\" content=\"index, follow, max-snippet:-1, max-image-preview:large, max-video-preview:-1\" \/>\n<link rel=\"canonical\" href=\"https:\/\/socialsculpturelab.com\/de\/die-enquiry-labs\/austausch\/vorschlaegewoche-was-muss-zusaetzlich-zur-baumpflanzung-getan-werden\/\" \/>\n<meta property=\"og:locale\" content=\"de_DE\" \/>\n<meta property=\"og:type\" content=\"article\" \/>\n<meta property=\"og:title\" content=\"VORSCHL\u00c4GEWOCHE: Was muss zus\u00e4tzlich zur Baumpflanzung getan werden? - Kassel New\" \/>\n<meta property=\"og:description\" content=\"VORSCHL\u00c4GE WOCHE\u00a0 22. &#8211; 24. September, in Kassel 21. September online. Was ist neben dem Pflanzen von B\u00e4umen zu tun?\" \/>\n<meta property=\"og:url\" content=\"https:\/\/socialsculpturelab.com\/de\/die-enquiry-labs\/austausch\/vorschlaegewoche-was-muss-zusaetzlich-zur-baumpflanzung-getan-werden\/\" \/>\n<meta property=\"og:site_name\" content=\"Kassel New\" \/>\n<meta property=\"article:modified_time\" content=\"2021-09-07T19:53:59+00:00\" \/>\n<meta name=\"twitter:card\" content=\"summary_large_image\" \/>\n<meta name=\"twitter:label1\" content=\"Gesch\u00e4tzte Lesezeit\" \/>\n\t<meta name=\"twitter:data1\" content=\"3 Minuten\" \/>\n<script type=\"application\/ld+json\" class=\"yoast-schema-graph\">{\"@context\":\"https:\/\/schema.org\",\"@graph\":[{\"@type\":\"WebSite\",\"@id\":\"https:\/\/socialsculpturelab.com\/#website\",\"url\":\"https:\/\/socialsculpturelab.com\/\",\"name\":\"Kassel New\",\"description\":\"\",\"potentialAction\":[{\"@type\":\"SearchAction\",\"target\":{\"@type\":\"EntryPoint\",\"urlTemplate\":\"https:\/\/socialsculpturelab.com\/?s={search_term_string}\"},\"query-input\":\"required name=search_term_string\"}],\"inLanguage\":\"de-DE\"},{\"@type\":\"WebPage\",\"@id\":\"https:\/\/socialsculpturelab.com\/de\/die-enquiry-labs\/austausch\/vorschlaegewoche-was-muss-zusaetzlich-zur-baumpflanzung-getan-werden\/#webpage\",\"url\":\"https:\/\/socialsculpturelab.com\/de\/die-enquiry-labs\/austausch\/vorschlaegewoche-was-muss-zusaetzlich-zur-baumpflanzung-getan-werden\/\",\"name\":\"VORSCHL\\u00c4GEWOCHE: Was muss zus\\u00e4tzlich zur Baumpflanzung getan werden? - Kassel New\",\"isPartOf\":{\"@id\":\"https:\/\/socialsculpturelab.com\/#website\"},\"datePublished\":\"2021-08-20T12:58:41+00:00\",\"dateModified\":\"2021-09-07T19:53:59+00:00\",\"breadcrumb\":{\"@id\":\"https:\/\/socialsculpturelab.com\/de\/die-enquiry-labs\/austausch\/vorschlaegewoche-was-muss-zusaetzlich-zur-baumpflanzung-getan-werden\/#breadcrumb\"},\"inLanguage\":\"de-DE\",\"potentialAction\":[{\"@type\":\"ReadAction\",\"target\":[\"https:\/\/socialsculpturelab.com\/de\/die-enquiry-labs\/austausch\/vorschlaegewoche-was-muss-zusaetzlich-zur-baumpflanzung-getan-werden\/\"]}]},{\"@type\":\"BreadcrumbList\",\"@id\":\"https:\/\/socialsculpturelab.com\/de\/die-enquiry-labs\/austausch\/vorschlaegewoche-was-muss-zusaetzlich-zur-baumpflanzung-getan-werden\/#breadcrumb\",\"itemListElement\":[{\"@type\":\"ListItem\",\"position\":1,\"name\":\"Home\",\"item\":\"https:\/\/socialsculpturelab.com\/de\/\"},{\"@type\":\"ListItem\",\"position\":2,\"name\":\"Die Enquiry Labs\",\"item\":\"https:\/\/socialsculpturelab.com\/de\/die-enquiry-labs\/\"},{\"@type\":\"ListItem\",\"position\":3,\"name\":\"AUSTAUSCH\",\"item\":\"https:\/\/socialsculpturelab.com\/die-enquiry-labs\/austausch\/\"},{\"@type\":\"ListItem\",\"position\":4,\"name\":\"VORSCHL\\u00c4GEWOCHE: Was muss zus\\u00e4tzlich zur Baumpflanzung getan werden?\"}]}]}<\/script>\n<!-- \/ Yoast SEO plugin. -->","yoast_head_json":{"robots":{"index":"index","follow":"follow","max-snippet":"max-snippet:-1","max-image-preview":"max-image-preview:large","max-video-preview":"max-video-preview:-1"},"canonical":"https:\/\/socialsculpturelab.com\/de\/die-enquiry-labs\/austausch\/vorschlaegewoche-was-muss-zusaetzlich-zur-baumpflanzung-getan-werden\/","og_locale":"de_DE","og_type":"article","og_title":"VORSCHL\u00c4GEWOCHE: Was muss zus\u00e4tzlich zur Baumpflanzung getan werden? - Kassel New","og_description":"VORSCHL\u00c4GE WOCHE\u00a0 22. &#8211; 24. September, in Kassel 21. September online. Was ist neben dem Pflanzen von B\u00e4umen zu tun?","og_url":"https:\/\/socialsculpturelab.com\/de\/die-enquiry-labs\/austausch\/vorschlaegewoche-was-muss-zusaetzlich-zur-baumpflanzung-getan-werden\/","og_site_name":"Kassel New","article_modified_time":"2021-09-07T19:53:59+00:00","twitter_card":"summary_large_image","twitter_misc":{"Gesch\u00e4tzte Lesezeit":"3 Minuten"},"schema":{"@context":"https:\/\/schema.org","@graph":[{"@type":"WebSite","@id":"https:\/\/socialsculpturelab.com\/#website","url":"https:\/\/socialsculpturelab.com\/","name":"Kassel New","description":"","potentialAction":[{"@type":"SearchAction","target":{"@type":"EntryPoint","urlTemplate":"https:\/\/socialsculpturelab.com\/?s={search_term_string}"},"query-input":"required name=search_term_string"}],"inLanguage":"de-DE"},{"@type":"WebPage","@id":"https:\/\/socialsculpturelab.com\/de\/die-enquiry-labs\/austausch\/vorschlaegewoche-was-muss-zusaetzlich-zur-baumpflanzung-getan-werden\/#webpage","url":"https:\/\/socialsculpturelab.com\/de\/die-enquiry-labs\/austausch\/vorschlaegewoche-was-muss-zusaetzlich-zur-baumpflanzung-getan-werden\/","name":"VORSCHL\u00c4GEWOCHE: Was muss zus\u00e4tzlich zur Baumpflanzung getan werden? - Kassel New","isPartOf":{"@id":"https:\/\/socialsculpturelab.com\/#website"},"datePublished":"2021-08-20T12:58:41+00:00","dateModified":"2021-09-07T19:53:59+00:00","breadcrumb":{"@id":"https:\/\/socialsculpturelab.com\/de\/die-enquiry-labs\/austausch\/vorschlaegewoche-was-muss-zusaetzlich-zur-baumpflanzung-getan-werden\/#breadcrumb"},"inLanguage":"de-DE","potentialAction":[{"@type":"ReadAction","target":["https:\/\/socialsculpturelab.com\/de\/die-enquiry-labs\/austausch\/vorschlaegewoche-was-muss-zusaetzlich-zur-baumpflanzung-getan-werden\/"]}]},{"@type":"BreadcrumbList","@id":"https:\/\/socialsculpturelab.com\/de\/die-enquiry-labs\/austausch\/vorschlaegewoche-was-muss-zusaetzlich-zur-baumpflanzung-getan-werden\/#breadcrumb","itemListElement":[{"@type":"ListItem","position":1,"name":"Home","item":"https:\/\/socialsculpturelab.com\/de\/"},{"@type":"ListItem","position":2,"name":"Die Enquiry Labs","item":"https:\/\/socialsculpturelab.com\/de\/die-enquiry-labs\/"},{"@type":"ListItem","position":3,"name":"AUSTAUSCH","item":"https:\/\/socialsculpturelab.com\/die-enquiry-labs\/austausch\/"},{"@type":"ListItem","position":4,"name":"VORSCHL\u00c4GEWOCHE: Was muss zus\u00e4tzlich zur Baumpflanzung getan werden?"}]}]}},"_links":{"self":[{"href":"https:\/\/socialsculpturelab.com\/de\/wp-json\/wp\/v2\/pages\/1242"}],"collection":[{"href":"https:\/\/socialsculpturelab.com\/de\/wp-json\/wp\/v2\/pages"}],"about":[{"href":"https:\/\/socialsculpturelab.com\/de\/wp-json\/wp\/v2\/types\/page"}],"author":[{"embeddable":true,"href":"https:\/\/socialsculpturelab.com\/de\/wp-json\/wp\/v2\/users\/1"}],"replies":[{"embeddable":true,"href":"https:\/\/socialsculpturelab.com\/de\/wp-json\/wp\/v2\/comments?post=1242"}],"version-history":[{"count":0,"href":"https:\/\/socialsculpturelab.com\/de\/wp-json\/wp\/v2\/pages\/1242\/revisions"}],"up":[{"embeddable":true,"href":"https:\/\/socialsculpturelab.com\/de\/wp-json\/wp\/v2\/pages\/1235"}],"wp:attachment":[{"href":"https:\/\/socialsculpturelab.com\/de\/wp-json\/wp\/v2\/media?parent=1242"}],"curies":[{"name":"wp","href":"https:\/\/api.w.org\/{rel}","templated":true}]}}